{"id":186,"date":"2022-01-22T16:03:26","date_gmt":"2022-01-22T15:03:26","guid":{"rendered":"https:\/\/karinas-art.at\/?page_id=186"},"modified":"2025-04-16T13:52:16","modified_gmt":"2025-04-16T11:52:16","slug":"portfolio","status":"publish","type":"page","link":"https:\/\/karinas-art.at\/en\/portfolio\/","title":{"rendered":"Surreal artworks"},"content":{"rendered":"<p>Get an overview of my past and current projects! <\/p>\n\n\n\n<div class=\"wp-block-buttons is-layout-flex wp-block-buttons-is-layout-flex\">\n<div class=\"wp-block-button\"><a class=\"wp-block-button__link wp-element-button\" href=\"#emotionen\">Emotions<\/a><\/div>\n\n\n\n<div class=\"wp-block-button\"><a class=\"wp-block-button__link wp-element-button\" href=\"#sagenundbr\u00e4uche\">Legends &amp; Traditions<\/a><\/div>\n\n\n\n<div class=\"wp-block-button\"><a class=\"wp-block-button__link wp-element-button\" href=\"#gesellschaft\">Society<\/a><\/div>\n\n\n\n<div class=\"wp-block-button\"><a class=\"wp-block-button__link wp-element-button\" href=\"#ausstellungdasleben\">Reflections<\/a><\/div>\n\n\n\n<div class=\"wp-block-button\"><a class=\"wp-block-button__link wp-element-button\" href=\"#landschaft\">Landscape<\/a><\/div>\n\n\n\n<div class=\"wp-block-button\"><a class=\"wp-block-button__link wp-element-button\" href=\"#tiere\">Animals<\/a><\/div>\n<\/div>\n\n\n\n<h2 class=\"wp-block-heading\" id=\"emotionen\">Emotions<\/h2>\n\n\n\n<div class=\"wp-block-columns is-layout-flex wp-container-core-columns-is-layout-9d6595d7 wp-block-columns-is-layout-flex\">\n<div class=\"wp-block-column is-layout-flow wp-block-column-is-layout-flow\">\n<div class=\"wp-block-cover is-light has-custom-content-position is-position-bottom-center\"><img loading=\"lazy\" decoding=\"async\" width=\"1280\" height=\"878\" class=\"wp-block-cover__image-background wp-image-2071\" alt=\"In diesem Kunstwerk geht es um die f\u00fcnf Sinne und deren Wahrnehmung. Ich m\u00f6chte den Betrachter dazu anregen, sich eigene Gedanken dar\u00fcber zu machen.\" src=\"https:\/\/karinas-art.at\/wp-content\/uploads\/2024\/06\/5-senses.webp\" data-object-fit=\"cover\" srcset=\"https:\/\/karinas-art.at\/wp-content\/uploads\/2024\/06\/5-senses.webp 1280w, https:\/\/karinas-art.at\/wp-content\/uploads\/2024\/06\/5-senses-300x206.webp 300w, https:\/\/karinas-art.at\/wp-content\/uploads\/2024\/06\/5-senses-1024x702.webp 1024w, https:\/\/karinas-art.at\/wp-content\/uploads\/2024\/06\/5-senses-768x527.webp 768w, https:\/\/karinas-art.at\/wp-content\/uploads\/2024\/06\/5-senses-18x12.webp 18w\" sizes=\"auto, (max-width: 1280px) 100vw, 1280px\" \/><span aria-hidden=\"true\" class=\"wp-block-cover__background has-background-dim-0 has-background-dim\"><\/span><div class=\"wp-block-cover__inner-container is-layout-flow wp-block-cover-is-layout-flow\">\n<div class=\"wp-block-buttons alignfull is-content-justification-center is-layout-flex wp-container-core-buttons-is-layout-16018d1d wp-block-buttons-is-layout-flex\">\n<div class=\"wp-block-button\"><a class=\"wp-block-button__link has-text-align-center wp-element-button\" href=\"https:\/\/karinas-art.at\/en\/kunstwerk-5-senses\/\">5 Senses<\/a><\/div>\n<\/div>\n<\/div><\/div>\n<\/div>\n\n\n\n<div class=\"wp-block-column is-vertically-aligned-center is-layout-flow wp-block-column-is-layout-flow\">\n<div class=\"wp-block-cover has-custom-content-position is-position-bottom-center\"><img loading=\"lazy\" decoding=\"async\" width=\"1280\" height=\"1860\" class=\"wp-block-cover__image-background wp-image-2056\" alt=\"Dieses Bild veranschaulicht, welche Gef\u00fchle Kunst in mir hervorruft.\" src=\"https:\/\/karinas-art.at\/wp-content\/uploads\/2024\/06\/die-kunst.webp\" data-object-fit=\"cover\" srcset=\"https:\/\/karinas-art.at\/wp-content\/uploads\/2024\/06\/die-kunst.webp 1280w, https:\/\/karinas-art.at\/wp-content\/uploads\/2024\/06\/die-kunst-206x300.webp 206w, https:\/\/karinas-art.at\/wp-content\/uploads\/2024\/06\/die-kunst-705x1024.webp 705w, https:\/\/karinas-art.at\/wp-content\/uploads\/2024\/06\/die-kunst-768x1116.webp 768w, https:\/\/karinas-art.at\/wp-content\/uploads\/2024\/06\/die-kunst-1057x1536.webp 1057w, https:\/\/karinas-art.at\/wp-content\/uploads\/2024\/06\/die-kunst-8x12.webp 8w\" sizes=\"auto, (max-width: 1280px) 100vw, 1280px\" \/><span aria-hidden=\"true\" class=\"wp-block-cover__background has-background-dim-0 has-background-dim\"><\/span><div class=\"wp-block-cover__inner-container is-layout-flow wp-block-cover-is-layout-flow\">\n<div class=\"wp-block-buttons alignfull is-content-justification-center is-layout-flex wp-container-core-buttons-is-layout-16018d1d wp-block-buttons-is-layout-flex\">\n<div class=\"wp-block-button\"><a class=\"wp-block-button__link wp-element-button\" href=\"https:\/\/karinas-art.at\/en\/kunstwerk-die-kunst\/\">The Art<\/a><\/div>\n<\/div>\n<\/div><\/div>\n<\/div>\n<\/div>\n\n\n\n<div class=\"wp-block-columns is-layout-flex wp-container-core-columns-is-layout-9d6595d7 wp-block-columns-is-layout-flex\">\n<div class=\"wp-block-column is-layout-flow wp-block-column-is-layout-flow\">\n<div class=\"wp-block-cover has-custom-content-position is-position-bottom-center\"><img loading=\"lazy\" decoding=\"async\" width=\"1280\" height=\"1454\" class=\"wp-block-cover__image-background wp-image-1870\" alt=\"In diesem Werk geht es um den Kampf mit sich selbst: K\u00f6rper gegen Geist, Herz gegen Kopf, Wut gegen Angst usw. Das Thema ist Selbstreflexion.\" src=\"https:\/\/karinas-art.at\/wp-content\/uploads\/2024\/05\/der-kampf.webp\" data-object-fit=\"cover\" srcset=\"https:\/\/karinas-art.at\/wp-content\/uploads\/2024\/05\/der-kampf.webp 1280w, https:\/\/karinas-art.at\/wp-content\/uploads\/2024\/05\/der-kampf-264x300.webp 264w, https:\/\/karinas-art.at\/wp-content\/uploads\/2024\/05\/der-kampf-901x1024.webp 901w, https:\/\/karinas-art.at\/wp-content\/uploads\/2024\/05\/der-kampf-768x872.webp 768w, https:\/\/karinas-art.at\/wp-content\/uploads\/2024\/05\/der-kampf-11x12.webp 11w\" sizes=\"auto, (max-width: 1280px) 100vw, 1280px\" \/><span aria-hidden=\"true\" class=\"wp-block-cover__background has-background-dim-0 has-background-dim\"><\/span><div class=\"wp-block-cover__inner-container is-layout-flow wp-block-cover-is-layout-flow\">\n<div class=\"wp-block-buttons alignfull is-content-justification-center is-layout-flex wp-container-core-buttons-is-layout-16018d1d wp-block-buttons-is-layout-flex\">\n<div class=\"wp-block-button\"><a class=\"wp-block-button__link wp-element-button\" href=\"https:\/\/karinas-art.at\/en\/kunstwerk-der-kampf\/\">The Struggle<\/a><\/div>\n<\/div>\n<\/div><\/div>\n<\/div>\n\n\n\n<div class=\"wp-block-column is-vertically-aligned-center is-layout-flow wp-block-column-is-layout-flow\">\n<div class=\"wp-block-cover has-custom-content-position is-position-bottom-center\"><img loading=\"lazy\" decoding=\"async\" width=\"1280\" height=\"1624\" class=\"wp-block-cover__image-background wp-image-1869\" alt=\"Auf dem Bild ist ein Harlekin zu sehen, der sich zur\u00fcckzieht in sein Schneckenhaus und seine Wunden leckt.\" src=\"https:\/\/karinas-art.at\/wp-content\/uploads\/2024\/05\/the-trust.webp\" data-object-fit=\"cover\" srcset=\"https:\/\/karinas-art.at\/wp-content\/uploads\/2024\/05\/the-trust.webp 1280w, https:\/\/karinas-art.at\/wp-content\/uploads\/2024\/05\/the-trust-236x300.webp 236w, https:\/\/karinas-art.at\/wp-content\/uploads\/2024\/05\/the-trust-807x1024.webp 807w, https:\/\/karinas-art.at\/wp-content\/uploads\/2024\/05\/the-trust-768x974.webp 768w, https:\/\/karinas-art.at\/wp-content\/uploads\/2024\/05\/the-trust-1211x1536.webp 1211w, https:\/\/karinas-art.at\/wp-content\/uploads\/2024\/05\/the-trust-9x12.webp 9w\" sizes=\"auto, (max-width: 1280px) 100vw, 1280px\" \/><span aria-hidden=\"true\" class=\"wp-block-cover__background has-background-dim-0 has-background-dim\"><\/span><div class=\"wp-block-cover__inner-container is-layout-flow wp-block-cover-is-layout-flow\">\n<div class=\"wp-block-buttons alignfull is-content-justification-center is-layout-flex wp-container-core-buttons-is-layout-16018d1d wp-block-buttons-is-layout-flex\">\n<div class=\"wp-block-button\"><a class=\"wp-block-button__link wp-element-button\" href=\"https:\/\/karinas-art.at\/en\/kunstwerk-the-trust\/\">The Trust<\/a><\/div>\n<\/div>\n<\/div><\/div>\n<\/div>\n<\/div>\n\n\n\n<div class=\"wp-block-group\"><div class=\"wp-block-group__inner-container is-layout-constrained wp-block-group-is-layout-constrained\">\n<hr class=\"wp-block-separator has-alpha-channel-opacity is-style-wide\"\/>\n\n\n\n<h2 class=\"wp-block-heading\" id=\"sagenundbr\u00e4uche\">Legends and Traditions<\/h2>\n\n\n\n<div class=\"wp-block-columns is-layout-flex wp-container-core-columns-is-layout-9d6595d7 wp-block-columns-is-layout-flex\">\n<div class=\"wp-block-column is-layout-flow wp-block-column-is-layout-flow\">\n<div class=\"wp-block-cover has-custom-content-position is-position-bottom-center\"><img loading=\"lazy\" decoding=\"async\" width=\"1280\" height=\"1495\" class=\"wp-block-cover__image-background wp-image-1835\" alt=\"Das Grimmingmandl wird oft als freundlicher, aber auch verschmitzter Berggeist beschrieben. Er begegnet den Menschen in der Umgebung des Berges und hilft ihnen oder spielt ihnen Streiche, je nachdem, wie sie ihm gegen\u00fcber auftreten.\" src=\"https:\/\/karinas-art.at\/wp-content\/uploads\/2024\/05\/das-grimmingmandl.webp\" data-object-fit=\"cover\" srcset=\"https:\/\/karinas-art.at\/wp-content\/uploads\/2024\/05\/das-grimmingmandl.webp 1280w, https:\/\/karinas-art.at\/wp-content\/uploads\/2024\/05\/das-grimmingmandl-257x300.webp 257w, https:\/\/karinas-art.at\/wp-content\/uploads\/2024\/05\/das-grimmingmandl-877x1024.webp 877w, https:\/\/karinas-art.at\/wp-content\/uploads\/2024\/05\/das-grimmingmandl-768x897.webp 768w, https:\/\/karinas-art.at\/wp-content\/uploads\/2024\/05\/das-grimmingmandl-10x12.webp 10w\" sizes=\"auto, (max-width: 1280px) 100vw, 1280px\" \/><span aria-hidden=\"true\" class=\"wp-block-cover__background has-background-dim-0 has-background-dim\"><\/span><div class=\"wp-block-cover__inner-container is-layout-flow wp-block-cover-is-layout-flow\">\n<div class=\"wp-block-buttons alignfull is-content-justification-center is-layout-flex wp-container-core-buttons-is-layout-16018d1d wp-block-buttons-is-layout-flex\">\n<div class=\"wp-block-button\"><a class=\"wp-block-button__link wp-element-button\" href=\"https:\/\/karinas-art.at\/en\/kunstwerk-das-grimmingmandl\/\">The Grimmingmandl<\/a><\/div>\n<\/div>\n<\/div><\/div>\n<\/div>\n\n\n\n<div class=\"wp-block-column is-vertically-aligned-center is-layout-flow wp-block-column-is-layout-flow\">\n<div class=\"wp-block-cover is-light has-custom-content-position is-position-bottom-center\"><img loading=\"lazy\" decoding=\"async\" width=\"1280\" height=\"930\" class=\"wp-block-cover__image-background wp-image-1884\" alt=\"In diesem Werk geht es auf surrealistische Weise um die Sage vom Grimmingtor und dem vergessenen Kind. Man sieht auch den sogenannten Gestaltwandler, dargestellt als wei\u00dfe Gams.\" src=\"https:\/\/karinas-art.at\/wp-content\/uploads\/2024\/05\/das-vergessene-kind.webp\" data-object-fit=\"cover\" srcset=\"https:\/\/karinas-art.at\/wp-content\/uploads\/2024\/05\/das-vergessene-kind.webp 1280w, https:\/\/karinas-art.at\/wp-content\/uploads\/2024\/05\/das-vergessene-kind-300x218.webp 300w, https:\/\/karinas-art.at\/wp-content\/uploads\/2024\/05\/das-vergessene-kind-1024x744.webp 1024w, https:\/\/karinas-art.at\/wp-content\/uploads\/2024\/05\/das-vergessene-kind-768x558.webp 768w, https:\/\/karinas-art.at\/wp-content\/uploads\/2024\/05\/das-vergessene-kind-18x12.webp 18w\" sizes=\"auto, (max-width: 1280px) 100vw, 1280px\" \/><span aria-hidden=\"true\" class=\"wp-block-cover__background has-background-dim-0 has-background-dim\"><\/span><div class=\"wp-block-cover__inner-container is-layout-flow wp-block-cover-is-layout-flow\">\n<div class=\"wp-block-buttons alignfull is-content-justification-center is-layout-flex wp-container-core-buttons-is-layout-16018d1d wp-block-buttons-is-layout-flex\">\n<div class=\"wp-block-button\"><a class=\"wp-block-button__link wp-element-button\" href=\"https:\/\/karinas-art.at\/en\/kunstwerk-das-vergessene-kind\/\">The Forgotten Child<\/a><\/div>\n<\/div>\n<\/div><\/div>\n<\/div>\n<\/div>\n\n\n\n<div class=\"wp-block-columns is-layout-flex wp-container-core-columns-is-layout-9d6595d7 wp-block-columns-is-layout-flex\">\n<div class=\"wp-block-column is-layout-flow wp-block-column-is-layout-flow\">\n<div class=\"wp-block-cover has-custom-content-position is-position-bottom-center\"><img loading=\"lazy\" decoding=\"async\" width=\"1280\" height=\"1005\" class=\"wp-block-cover__image-background wp-image-1877\" alt=\"Es geht in diesem Werk auf surrealistische Weise um die griechische Mythologie von der Meeresg\u00f6ttin Calypso. Sie wurde auf das Land verbannt und kehrt im Bild zur\u00fcck ins Meer, wo sie sich wegen des vielen M\u00fclls erschreckt.\" src=\"https:\/\/karinas-art.at\/wp-content\/uploads\/2024\/05\/calypso.webp\" data-object-fit=\"cover\" srcset=\"https:\/\/karinas-art.at\/wp-content\/uploads\/2024\/05\/calypso.webp 1280w, https:\/\/karinas-art.at\/wp-content\/uploads\/2024\/05\/calypso-300x236.webp 300w, https:\/\/karinas-art.at\/wp-content\/uploads\/2024\/05\/calypso-1024x804.webp 1024w, https:\/\/karinas-art.at\/wp-content\/uploads\/2024\/05\/calypso-768x603.webp 768w, https:\/\/karinas-art.at\/wp-content\/uploads\/2024\/05\/calypso-15x12.webp 15w\" sizes=\"auto, (max-width: 1280px) 100vw, 1280px\" \/><span aria-hidden=\"true\" class=\"wp-block-cover__background has-background-dim-0 has-background-dim\"><\/span><div class=\"wp-block-cover__inner-container is-layout-flow wp-block-cover-is-layout-flow\">\n<div class=\"wp-block-buttons alignfull is-content-justification-center is-layout-flex wp-container-core-buttons-is-layout-16018d1d wp-block-buttons-is-layout-flex\">\n<div class=\"wp-block-button\"><a class=\"wp-block-button__link wp-element-button\" href=\"https:\/\/karinas-art.at\/en\/kunstwerk-calypso\/\">Calypso<\/a><\/div>\n<\/div>\n<\/div><\/div>\n<\/div>\n\n\n\n<div class=\"wp-block-column is-vertically-aligned-center is-layout-flow wp-block-column-is-layout-flow\">\n<div class=\"wp-block-cover has-custom-content-position is-position-bottom-center\"><img loading=\"lazy\" decoding=\"async\" width=\"1280\" height=\"1891\" class=\"wp-block-cover__image-background wp-image-1866\" alt=\"Das Werk zeigt Brauchtumspflege im Ausseerland. Zwei M\u00e4nner in Tracht paschen, w\u00e4hrend eine junge Frau in Tracht tanzt. Im Hintergrund sind Berge, ein Maibaum und K\u00fche auf einer Wiese zu sehen.\" src=\"https:\/\/karinas-art.at\/wp-content\/uploads\/2024\/05\/der-brauchtum.webp\" data-object-fit=\"cover\" srcset=\"https:\/\/karinas-art.at\/wp-content\/uploads\/2024\/05\/der-brauchtum.webp 1280w, https:\/\/karinas-art.at\/wp-content\/uploads\/2024\/05\/der-brauchtum-203x300.webp 203w, https:\/\/karinas-art.at\/wp-content\/uploads\/2024\/05\/der-brauchtum-693x1024.webp 693w, https:\/\/karinas-art.at\/wp-content\/uploads\/2024\/05\/der-brauchtum-768x1135.webp 768w, https:\/\/karinas-art.at\/wp-content\/uploads\/2024\/05\/der-brauchtum-1040x1536.webp 1040w, https:\/\/karinas-art.at\/wp-content\/uploads\/2024\/05\/der-brauchtum-8x12.webp 8w\" sizes=\"auto, (max-width: 1280px) 100vw, 1280px\" \/><span aria-hidden=\"true\" class=\"wp-block-cover__background has-background-dim-0 has-background-dim\"><\/span><div class=\"wp-block-cover__inner-container is-layout-flow wp-block-cover-is-layout-flow\">\n<div class=\"wp-block-buttons alignfull is-content-justification-center is-layout-flex wp-container-core-buttons-is-layout-16018d1d wp-block-buttons-is-layout-flex\">\n<div class=\"wp-block-button\"><a class=\"wp-block-button__link wp-element-button\" href=\"https:\/\/karinas-art.at\/en\/kunstwerk-das-brauchtum\/\">The Tradition<\/a><\/div>\n<\/div>\n<\/div><\/div>\n<\/div>\n<\/div>\n\n\n\n<div class=\"wp-block-columns is-layout-flex wp-container-core-columns-is-layout-9d6595d7 wp-block-columns-is-layout-flex\">\n<div class=\"wp-block-column is-layout-flow wp-block-column-is-layout-flow\">\n<div class=\"wp-block-cover is-light has-custom-content-position is-position-bottom-center\"><img loading=\"lazy\" decoding=\"async\" width=\"1280\" height=\"913\" class=\"wp-block-cover__image-background wp-image-1863\" alt=\"Es handelt sich um ein typisches alpenl\u00e4ndisches Waldfest-Szenario. Zwei M\u00e4nner in Tracht sitzen sich gegen\u00fcber, w\u00e4hrend eine Kellnerin Bier serviert.\" src=\"https:\/\/karinas-art.at\/wp-content\/uploads\/2024\/05\/das-fest.webp\" data-object-fit=\"cover\" srcset=\"https:\/\/karinas-art.at\/wp-content\/uploads\/2024\/05\/das-fest.webp 1280w, https:\/\/karinas-art.at\/wp-content\/uploads\/2024\/05\/das-fest-300x214.webp 300w, https:\/\/karinas-art.at\/wp-content\/uploads\/2024\/05\/das-fest-1024x730.webp 1024w, https:\/\/karinas-art.at\/wp-content\/uploads\/2024\/05\/das-fest-768x548.webp 768w, https:\/\/karinas-art.at\/wp-content\/uploads\/2024\/05\/das-fest-18x12.webp 18w\" sizes=\"auto, (max-width: 1280px) 100vw, 1280px\" \/><span aria-hidden=\"true\" class=\"wp-block-cover__background has-background-dim-0 has-background-dim\"><\/span><div class=\"wp-block-cover__inner-container is-layout-flow wp-block-cover-is-layout-flow\">\n<div class=\"wp-block-buttons alignfull is-content-justification-center is-layout-flex wp-container-core-buttons-is-layout-16018d1d wp-block-buttons-is-layout-flex\">\n<div class=\"wp-block-button\"><a class=\"wp-block-button__link wp-element-button\" href=\"https:\/\/karinas-art.at\/en\/kunstwerk-das-fest\/\">The Festival<\/a><\/div>\n<\/div>\n<\/div><\/div>\n<\/div>\n\n\n\n<div class=\"wp-block-column is-vertically-aligned-center is-layout-flow wp-block-column-is-layout-flow\"><\/div>\n<\/div>\n<\/div><\/div>\n\n\n\n<div class=\"wp-block-group\"><div class=\"wp-block-group__inner-container is-layout-constrained wp-block-group-is-layout-constrained\">\n<hr class=\"wp-block-separator has-alpha-channel-opacity is-style-wide\"\/>\n\n\n\n<h2 class=\"wp-block-heading\" id=\"gesellschaft\">Society<\/h2>\n\n\n\n<div class=\"wp-block-columns is-layout-flex wp-container-core-columns-is-layout-9d6595d7 wp-block-columns-is-layout-flex\">\n<div class=\"wp-block-column is-layout-flow wp-block-column-is-layout-flow\">\n<div class=\"wp-block-cover is-light has-custom-content-position is-position-bottom-center\"><img loading=\"lazy\" decoding=\"async\" width=\"1280\" height=\"1109\" class=\"wp-block-cover__image-background wp-image-1850\" alt=\"Es geht um den Buddhismus. Auf dem Bild sieht man viele Gl\u00fcckssymbole wie z.B. den Gl\u00fccksdrachen, die Gl\u00fcckskatze, die Kirschbl\u00fcten und einen Pandab\u00e4ren. Zentral ist der menschliche K\u00f6rper aus Holz zu sehen mit dem Wunschma\u00df 90 60 90. Es geht um das Streben nach Perfektion, das jedoch nie erreicht werden kann.\" src=\"https:\/\/karinas-art.at\/wp-content\/uploads\/2024\/05\/das-nirvana.webp\" data-object-fit=\"cover\" srcset=\"https:\/\/karinas-art.at\/wp-content\/uploads\/2024\/05\/das-nirvana.webp 1280w, https:\/\/karinas-art.at\/wp-content\/uploads\/2024\/05\/das-nirvana-300x260.webp 300w, https:\/\/karinas-art.at\/wp-content\/uploads\/2024\/05\/das-nirvana-1024x887.webp 1024w, https:\/\/karinas-art.at\/wp-content\/uploads\/2024\/05\/das-nirvana-768x665.webp 768w, https:\/\/karinas-art.at\/wp-content\/uploads\/2024\/05\/das-nirvana-14x12.webp 14w\" sizes=\"auto, (max-width: 1280px) 100vw, 1280px\" \/><span aria-hidden=\"true\" class=\"wp-block-cover__background has-background-dim-0 has-background-dim\"><\/span><div class=\"wp-block-cover__inner-container is-layout-flow wp-block-cover-is-layout-flow\">\n<div class=\"wp-block-buttons alignfull is-content-justification-center is-layout-flex wp-container-core-buttons-is-layout-16018d1d wp-block-buttons-is-layout-flex\">\n<div class=\"wp-block-button\"><a class=\"wp-block-button__link wp-element-button\" href=\"https:\/\/karinas-art.at\/en\/kunstwerk-das-nirvana\/\">Nirvana<\/a><\/div>\n<\/div>\n<\/div><\/div>\n<\/div>\n\n\n\n<div class=\"wp-block-column is-vertically-aligned-center is-layout-flow wp-block-column-is-layout-flow\">\n<div class=\"wp-block-cover has-custom-content-position is-position-bottom-center\"><img loading=\"lazy\" decoding=\"async\" width=\"1280\" height=\"1128\" class=\"wp-block-cover__image-background wp-image-1857\" alt=\"Es geht um einen Harlekin, der sich in einer Traumwelt befindet. In dieser Welt ist alles m\u00f6glich, was in der realen Welt unm\u00f6glich ist. Man sieht zum Beispiel fliegende Pinguine, ein Traumschloss, einen Pegasus und eine Kristallkugel.\" src=\"https:\/\/karinas-art.at\/wp-content\/uploads\/2024\/05\/illusion.webp\" data-object-fit=\"cover\" srcset=\"https:\/\/karinas-art.at\/wp-content\/uploads\/2024\/05\/illusion.webp 1280w, https:\/\/karinas-art.at\/wp-content\/uploads\/2024\/05\/illusion-300x264.webp 300w, https:\/\/karinas-art.at\/wp-content\/uploads\/2024\/05\/illusion-1024x902.webp 1024w, https:\/\/karinas-art.at\/wp-content\/uploads\/2024\/05\/illusion-768x677.webp 768w, https:\/\/karinas-art.at\/wp-content\/uploads\/2024\/05\/illusion-14x12.webp 14w\" sizes=\"auto, (max-width: 1280px) 100vw, 1280px\" \/><span aria-hidden=\"true\" class=\"wp-block-cover__background has-background-dim-0 has-background-dim\"><\/span><div class=\"wp-block-cover__inner-container is-layout-flow wp-block-cover-is-layout-flow\">\n<div class=\"wp-block-buttons alignfull is-content-justification-center is-layout-flex wp-container-core-buttons-is-layout-16018d1d wp-block-buttons-is-layout-flex\">\n<div class=\"wp-block-button\"><a class=\"wp-block-button__link wp-element-button\" href=\"https:\/\/karinas-art.at\/en\/kunstwerk-die-illusion\/\">The Illusion<\/a><\/div>\n<\/div>\n<\/div><\/div>\n<\/div>\n<\/div>\n\n\n\n<div class=\"wp-block-columns is-layout-flex wp-container-core-columns-is-layout-9d6595d7 wp-block-columns-is-layout-flex\">\n<div class=\"wp-block-column is-layout-flow wp-block-column-is-layout-flow\">\n<div class=\"wp-block-cover is-light has-custom-content-position is-position-bottom-center\"><img loading=\"lazy\" decoding=\"async\" width=\"1280\" height=\"1290\" class=\"wp-block-cover__image-background wp-image-1864\" alt=\"Es handelt sich um eine Kinderfantasie von mir selbst. In der Mitte befinde ich mich in Tracht, und rundherum sind diverse Tiere zu sehen.\" src=\"https:\/\/karinas-art.at\/wp-content\/uploads\/2024\/05\/der-schluessel.webp\" data-object-fit=\"cover\" srcset=\"https:\/\/karinas-art.at\/wp-content\/uploads\/2024\/05\/der-schluessel.webp 1280w, https:\/\/karinas-art.at\/wp-content\/uploads\/2024\/05\/der-schluessel-298x300.webp 298w, https:\/\/karinas-art.at\/wp-content\/uploads\/2024\/05\/der-schluessel-1016x1024.webp 1016w, https:\/\/karinas-art.at\/wp-content\/uploads\/2024\/05\/der-schluessel-150x150.webp 150w, https:\/\/karinas-art.at\/wp-content\/uploads\/2024\/05\/der-schluessel-768x774.webp 768w, https:\/\/karinas-art.at\/wp-content\/uploads\/2024\/05\/der-schluessel-12x12.webp 12w\" sizes=\"auto, (max-width: 1280px) 100vw, 1280px\" \/><span aria-hidden=\"true\" class=\"wp-block-cover__background has-background-dim-0 has-background-dim\"><\/span><div class=\"wp-block-cover__inner-container is-layout-flow wp-block-cover-is-layout-flow\">\n<div class=\"wp-block-buttons alignfull is-content-justification-center is-layout-flex wp-container-core-buttons-is-layout-16018d1d wp-block-buttons-is-layout-flex\">\n<div class=\"wp-block-button\"><a class=\"wp-block-button__link wp-element-button\" href=\"https:\/\/karinas-art.at\/en\/kunstwerk-der-schluessel\/\">The Key<\/a><\/div>\n<\/div>\n<\/div><\/div>\n<\/div>\n\n\n\n<div class=\"wp-block-column is-vertically-aligned-center is-layout-flow wp-block-column-is-layout-flow\">\n<div class=\"wp-block-cover is-light has-custom-content-position is-position-bottom-center\"><img loading=\"lazy\" decoding=\"async\" width=\"705\" height=\"1024\" class=\"wp-block-cover__image-background wp-image-2661 size-large\" alt=\"Dieses Werk thematisiert die komplexen Verflechtungen und Folgen der aktuellen Wirtschaftskrise.\" src=\"https:\/\/karinas-art.at\/wp-content\/uploads\/2025\/04\/expansive-inflation-705x1024.webp\" data-object-fit=\"cover\" srcset=\"https:\/\/karinas-art.at\/wp-content\/uploads\/2025\/04\/expansive-inflation-705x1024.webp 705w, https:\/\/karinas-art.at\/wp-content\/uploads\/2025\/04\/expansive-inflation-207x300.webp 207w, https:\/\/karinas-art.at\/wp-content\/uploads\/2025\/04\/expansive-inflation-768x1115.webp 768w, https:\/\/karinas-art.at\/wp-content\/uploads\/2025\/04\/expansive-inflation-1058x1536.webp 1058w, https:\/\/karinas-art.at\/wp-content\/uploads\/2025\/04\/expansive-inflation-8x12.webp 8w, https:\/\/karinas-art.at\/wp-content\/uploads\/2025\/04\/expansive-inflation.webp 1280w\" sizes=\"auto, (max-width: 705px) 100vw, 705px\" \/><span aria-hidden=\"true\" class=\"wp-block-cover__background has-background-dim-0 has-background-dim\" style=\"background-color:#9a948e\"><\/span><div class=\"wp-block-cover__inner-container is-layout-flow wp-block-cover-is-layout-flow\">\n<div class=\"wp-block-buttons alignfull is-content-justification-center is-layout-flex wp-container-core-buttons-is-layout-16018d1d wp-block-buttons-is-layout-flex\">\n<div class=\"wp-block-button\"><a class=\"wp-block-button__link wp-element-button\" href=\"https:\/\/karinas-art.at\/en\/kunstwerk-expansive-inflation\/\">Expansive Illusion<\/a><\/div>\n<\/div>\n<\/div><\/div>\n<\/div>\n<\/div>\n\n\n\n<div class=\"wp-block-columns is-layout-flex wp-container-core-columns-is-layout-9d6595d7 wp-block-columns-is-layout-flex\">\n<div class=\"wp-block-column is-layout-flow wp-block-column-is-layout-flow\">\n<div class=\"wp-block-cover is-light has-custom-content-position is-position-bottom-center\"><img loading=\"lazy\" decoding=\"async\" width=\"1280\" height=\"1297\" class=\"wp-block-cover__image-background wp-image-778\" alt=\"\" src=\"https:\/\/karinas-art.at\/wp-content\/uploads\/2022\/08\/punks.jpg\" data-object-fit=\"cover\" srcset=\"https:\/\/karinas-art.at\/wp-content\/uploads\/2022\/08\/punks.jpg 1280w, https:\/\/karinas-art.at\/wp-content\/uploads\/2022\/08\/punks-296x300.jpg 296w, https:\/\/karinas-art.at\/wp-content\/uploads\/2022\/08\/punks-1011x1024.jpg 1011w, https:\/\/karinas-art.at\/wp-content\/uploads\/2022\/08\/punks-768x778.jpg 768w\" sizes=\"auto, (max-width: 1280px) 100vw, 1280px\" \/><span aria-hidden=\"true\" class=\"wp-block-cover__background has-background-dim-0 has-background-dim\"><\/span><div class=\"wp-block-cover__inner-container is-layout-flow wp-block-cover-is-layout-flow\">\n<div class=\"wp-block-buttons alignfull is-content-justification-center is-layout-flex wp-container-core-buttons-is-layout-16018d1d wp-block-buttons-is-layout-flex\">\n<div class=\"wp-block-button\"><a class=\"wp-block-button__link wp-element-button\" href=\"https:\/\/karinas-art.at\/en\/punks\/\">Punks<\/a><\/div>\n<\/div>\n<\/div><\/div>\n<\/div>\n\n\n\n<div class=\"wp-block-column is-vertically-aligned-center is-layout-flow wp-block-column-is-layout-flow\">\n<div class=\"wp-block-cover is-light has-custom-content-position is-position-bottom-center\"><img loading=\"lazy\" decoding=\"async\" width=\"1280\" height=\"1281\" class=\"wp-block-cover__image-background wp-image-788\" alt=\"\" src=\"https:\/\/karinas-art.at\/wp-content\/uploads\/2022\/08\/das-liebespaar.jpg\" style=\"object-position:47% 6%\" data-object-fit=\"cover\" data-object-position=\"47% 6%\" srcset=\"https:\/\/karinas-art.at\/wp-content\/uploads\/2022\/08\/das-liebespaar.jpg 1280w, https:\/\/karinas-art.at\/wp-content\/uploads\/2022\/08\/das-liebespaar-300x300.jpg 300w, https:\/\/karinas-art.at\/wp-content\/uploads\/2022\/08\/das-liebespaar-1024x1024.jpg 1024w, https:\/\/karinas-art.at\/wp-content\/uploads\/2022\/08\/das-liebespaar-150x150.jpg 150w, https:\/\/karinas-art.at\/wp-content\/uploads\/2022\/08\/das-liebespaar-768x769.jpg 768w\" sizes=\"auto, (max-width: 1280px) 100vw, 1280px\" \/><span aria-hidden=\"true\" class=\"wp-block-cover__background has-background-dim-0 has-background-dim\"><\/span><div class=\"wp-block-cover__inner-container is-layout-flow wp-block-cover-is-layout-flow\">\n<div class=\"wp-block-buttons alignfull is-content-justification-center is-layout-flex wp-container-core-buttons-is-layout-16018d1d wp-block-buttons-is-layout-flex\">\n<div class=\"wp-block-button\"><a class=\"wp-block-button__link wp-element-button\" href=\"https:\/\/karinas-art.at\/en\/das-liebespaar\/\">The Lovers<\/a><\/div>\n<\/div>\n<\/div><\/div>\n<\/div>\n<\/div>\n\n\n\n<div class=\"wp-block-columns is-layout-flex wp-container-core-columns-is-layout-9d6595d7 wp-block-columns-is-layout-flex\">\n<div class=\"wp-block-column is-layout-flow wp-block-column-is-layout-flow\">\n<div class=\"wp-block-cover has-custom-content-position is-position-bottom-center\"><img loading=\"lazy\" decoding=\"async\" width=\"1280\" height=\"1258\" class=\"wp-block-cover__image-background wp-image-792\" alt=\"\" src=\"https:\/\/karinas-art.at\/wp-content\/uploads\/2022\/08\/skater.jpg\" style=\"object-position:48% 100%\" data-object-fit=\"cover\" data-object-position=\"48% 100%\" srcset=\"https:\/\/karinas-art.at\/wp-content\/uploads\/2022\/08\/skater.jpg 1280w, https:\/\/karinas-art.at\/wp-content\/uploads\/2022\/08\/skater-300x295.jpg 300w, https:\/\/karinas-art.at\/wp-content\/uploads\/2022\/08\/skater-1024x1006.jpg 1024w, https:\/\/karinas-art.at\/wp-content\/uploads\/2022\/08\/skater-768x755.jpg 768w\" sizes=\"auto, (max-width: 1280px) 100vw, 1280px\" \/><span aria-hidden=\"true\" class=\"wp-block-cover__background has-background-dim-0 has-background-dim\"><\/span><div class=\"wp-block-cover__inner-container is-layout-flow wp-block-cover-is-layout-flow\">\n<div class=\"wp-block-buttons alignfull is-content-justification-center is-layout-flex wp-container-core-buttons-is-layout-16018d1d wp-block-buttons-is-layout-flex\">\n<div class=\"wp-block-button\"><a class=\"wp-block-button__link wp-element-button\" href=\"https:\/\/karinas-art.at\/en\/skater\/\">Skater<\/a><\/div>\n<\/div>\n<\/div><\/div>\n<\/div>\n\n\n\n<div class=\"wp-block-column is-vertically-aligned-center is-layout-flow wp-block-column-is-layout-flow\">\n<div class=\"wp-block-cover is-light has-custom-content-position is-position-bottom-center\"><img loading=\"lazy\" decoding=\"async\" width=\"1280\" height=\"1590\" class=\"wp-block-cover__image-background wp-image-829\" alt=\"\" src=\"https:\/\/karinas-art.at\/wp-content\/uploads\/2022\/08\/der-puppenspieler.jpg\" style=\"object-position:49% 22%\" data-object-fit=\"cover\" data-object-position=\"49% 22%\" srcset=\"https:\/\/karinas-art.at\/wp-content\/uploads\/2022\/08\/der-puppenspieler.jpg 1280w, https:\/\/karinas-art.at\/wp-content\/uploads\/2022\/08\/der-puppenspieler-242x300.jpg 242w, https:\/\/karinas-art.at\/wp-content\/uploads\/2022\/08\/der-puppenspieler-824x1024.jpg 824w, https:\/\/karinas-art.at\/wp-content\/uploads\/2022\/08\/der-puppenspieler-768x954.jpg 768w, https:\/\/karinas-art.at\/wp-content\/uploads\/2022\/08\/der-puppenspieler-1237x1536.jpg 1237w\" sizes=\"auto, (max-width: 1280px) 100vw, 1280px\" \/><span aria-hidden=\"true\" class=\"wp-block-cover__background has-background-dim-0 has-background-dim\"><\/span><div class=\"wp-block-cover__inner-container is-layout-flow wp-block-cover-is-layout-flow\">\n<div class=\"wp-block-buttons alignfull is-content-justification-center is-layout-flex wp-container-core-buttons-is-layout-16018d1d wp-block-buttons-is-layout-flex\">\n<div class=\"wp-block-button\"><a class=\"wp-block-button__link wp-element-button\" href=\"https:\/\/karinas-art.at\/en\/der-puppenspieler\/\">Master of Puppets<\/a><\/div>\n<\/div>\n<\/div><\/div>\n<\/div>\n<\/div>\n\n\n\n<div class=\"wp-block-columns is-layout-flex wp-container-core-columns-is-layout-9d6595d7 wp-block-columns-is-layout-flex\">\n<div class=\"wp-block-column is-layout-flow wp-block-column-is-layout-flow\"><\/div>\n\n\n\n<div class=\"wp-block-column is-vertically-aligned-center is-layout-flow wp-block-column-is-layout-flow\"><\/div>\n<\/div>\n<\/div><\/div>\n\n\n\n<hr class=\"wp-block-separator has-alpha-channel-opacity is-style-wide\"\/>\n\n\n\n<h2 class=\"wp-block-heading\" id=\"ausstellungdasleben\">Reflections<\/h2>\n\n\n\n<div class=\"wp-block-columns is-layout-flex wp-container-core-columns-is-layout-9d6595d7 wp-block-columns-is-layout-flex\">\n<div class=\"wp-block-column is-layout-flow wp-block-column-is-layout-flow\">\n<div class=\"wp-block-cover is-light has-custom-content-position is-position-bottom-center\"><img loading=\"lazy\" decoding=\"async\" width=\"1280\" height=\"1116\" class=\"wp-block-cover__image-background wp-image-1377\" alt=\"Das Kunstwerk \u201eDer Tanz\u201c, zeigt auf surrealistische Weise ein ganzes Jahr, vom Fr\u00fchling bis zum Winter!\" src=\"https:\/\/karinas-art.at\/wp-content\/uploads\/2022\/10\/der-tanz.webp\" data-object-fit=\"cover\" srcset=\"https:\/\/karinas-art.at\/wp-content\/uploads\/2022\/10\/der-tanz.webp 1280w, https:\/\/karinas-art.at\/wp-content\/uploads\/2022\/10\/der-tanz-300x262.webp 300w, https:\/\/karinas-art.at\/wp-content\/uploads\/2022\/10\/der-tanz-1024x893.webp 1024w, https:\/\/karinas-art.at\/wp-content\/uploads\/2022\/10\/der-tanz-768x670.webp 768w, https:\/\/karinas-art.at\/wp-content\/uploads\/2022\/10\/der-tanz-14x12.webp 14w\" sizes=\"auto, (max-width: 1280px) 100vw, 1280px\" \/><span aria-hidden=\"true\" class=\"wp-block-cover__background has-background-dim-0 has-background-dim\"><\/span><div class=\"wp-block-cover__inner-container is-layout-flow wp-block-cover-is-layout-flow\">\n<div class=\"wp-block-buttons alignfull is-content-justification-center is-layout-flex wp-container-core-buttons-is-layout-16018d1d wp-block-buttons-is-layout-flex\">\n<div class=\"wp-block-button\"><a class=\"wp-block-button__link wp-element-button\" href=\"https:\/\/karinas-art.at\/en\/kunstwerk-der-tanz\/\">The Dance<\/a><\/div>\n<\/div>\n<\/div><\/div>\n<\/div>\n\n\n\n<div class=\"wp-block-column is-vertically-aligned-center is-layout-flow wp-block-column-is-layout-flow\">\n<div class=\"wp-block-cover is-light has-custom-content-position is-position-bottom-center\"><img loading=\"lazy\" decoding=\"async\" width=\"1280\" height=\"1297\" class=\"wp-block-cover__image-background wp-image-1354\" alt=\"Zwei Kindergesichter einmal weiblich, einmal m\u00e4nnlich die sich aufteilen! Im Vordergrund sieht man einen F\u00f6tus, der im Wasser schwimmt sowie 2 Boote die sich auf eine Reise begeben!\" src=\"https:\/\/karinas-art.at\/wp-content\/uploads\/2022\/10\/die-reise.webp\" data-object-fit=\"cover\" srcset=\"https:\/\/karinas-art.at\/wp-content\/uploads\/2022\/10\/die-reise.webp 1280w, https:\/\/karinas-art.at\/wp-content\/uploads\/2022\/10\/die-reise-296x300.webp 296w, https:\/\/karinas-art.at\/wp-content\/uploads\/2022\/10\/die-reise-1011x1024.webp 1011w, https:\/\/karinas-art.at\/wp-content\/uploads\/2022\/10\/die-reise-768x778.webp 768w, https:\/\/karinas-art.at\/wp-content\/uploads\/2022\/10\/die-reise-12x12.webp 12w\" sizes=\"auto, (max-width: 1280px) 100vw, 1280px\" \/><span aria-hidden=\"true\" class=\"wp-block-cover__background has-background-dim-0 has-background-dim\"><\/span><div class=\"wp-block-cover__inner-container is-layout-flow wp-block-cover-is-layout-flow\">\n<div class=\"wp-block-buttons alignfull is-content-justification-center is-layout-flex wp-container-core-buttons-is-layout-16018d1d wp-block-buttons-is-layout-flex\">\n<div class=\"wp-block-button\"><a class=\"wp-block-button__link wp-element-button\" href=\"https:\/\/karinas-art.at\/en\/die-reise\/\">The Journey<\/a><\/div>\n<\/div>\n<\/div><\/div>\n<\/div>\n<\/div>\n\n\n\n<div class=\"wp-block-columns is-layout-flex wp-container-core-columns-is-layout-9d6595d7 wp-block-columns-is-layout-flex\">\n<div class=\"wp-block-column is-layout-flow wp-block-column-is-layout-flow\">\n<div class=\"wp-block-cover is-light has-custom-content-position is-position-bottom-center\"><img loading=\"lazy\" decoding=\"async\" width=\"1280\" height=\"1389\" class=\"wp-block-cover__image-background wp-image-1772\" alt=\"Ein Astronaut und eine Meerjungfrau befinden sich eng umschlungen im Vordergrund, im Hintergrund sieht man Planeten \u00e4hnliche Objekte!\" src=\"https:\/\/karinas-art.at\/wp-content\/uploads\/2024\/02\/die-liebe-01.webp\" data-object-fit=\"cover\" srcset=\"https:\/\/karinas-art.at\/wp-content\/uploads\/2024\/02\/die-liebe-01.webp 1280w, https:\/\/karinas-art.at\/wp-content\/uploads\/2024\/02\/die-liebe-01-276x300.webp 276w, https:\/\/karinas-art.at\/wp-content\/uploads\/2024\/02\/die-liebe-01-944x1024.webp 944w, https:\/\/karinas-art.at\/wp-content\/uploads\/2024\/02\/die-liebe-01-768x833.webp 768w, https:\/\/karinas-art.at\/wp-content\/uploads\/2024\/02\/die-liebe-01-11x12.webp 11w\" sizes=\"auto, (max-width: 1280px) 100vw, 1280px\" \/><span aria-hidden=\"true\" class=\"wp-block-cover__background has-background-dim-0 has-background-dim\"><\/span><div class=\"wp-block-cover__inner-container is-layout-flow wp-block-cover-is-layout-flow\">\n<div class=\"wp-block-buttons alignfull is-content-justification-center is-layout-flex wp-container-core-buttons-is-layout-16018d1d wp-block-buttons-is-layout-flex\">\n<div class=\"wp-block-button\"><a class=\"wp-block-button__link wp-element-button\" href=\"https:\/\/karinas-art.at\/en\/die-liebe\/\">Love<\/a><\/div>\n<\/div>\n<\/div><\/div>\n<\/div>\n\n\n\n<div class=\"wp-block-column is-vertically-aligned-center is-layout-flow wp-block-column-is-layout-flow\">\n<div class=\"wp-block-cover is-light has-custom-content-position is-position-bottom-center\"><img loading=\"lazy\" decoding=\"async\" width=\"1280\" height=\"1614\" class=\"wp-block-cover__image-background wp-image-1780\" alt=\"Der Raumfahrer\" src=\"https:\/\/karinas-art.at\/wp-content\/uploads\/2024\/02\/der-raumfahrer.webp\" data-object-fit=\"cover\" srcset=\"https:\/\/karinas-art.at\/wp-content\/uploads\/2024\/02\/der-raumfahrer.webp 1280w, https:\/\/karinas-art.at\/wp-content\/uploads\/2024\/02\/der-raumfahrer-238x300.webp 238w, https:\/\/karinas-art.at\/wp-content\/uploads\/2024\/02\/der-raumfahrer-812x1024.webp 812w, https:\/\/karinas-art.at\/wp-content\/uploads\/2024\/02\/der-raumfahrer-768x968.webp 768w, https:\/\/karinas-art.at\/wp-content\/uploads\/2024\/02\/der-raumfahrer-1218x1536.webp 1218w, https:\/\/karinas-art.at\/wp-content\/uploads\/2024\/02\/der-raumfahrer-10x12.webp 10w\" sizes=\"auto, (max-width: 1280px) 100vw, 1280px\" \/><span aria-hidden=\"true\" class=\"wp-block-cover__background has-background-dim-0 has-background-dim\"><\/span><div class=\"wp-block-cover__inner-container is-layout-flow wp-block-cover-is-layout-flow\">\n<div class=\"wp-block-buttons alignfull is-content-justification-center is-layout-flex wp-container-core-buttons-is-layout-16018d1d wp-block-buttons-is-layout-flex\">\n<div class=\"wp-block-button\"><a class=\"wp-block-button__link wp-element-button\" href=\"https:\/\/karinas-art.at\/en\/der-raumfahrer\/\">The Spaceman<\/a><\/div>\n<\/div>\n<\/div><\/div>\n<\/div>\n<\/div>\n\n\n\n<div class=\"wp-block-columns is-layout-flex wp-container-core-columns-is-layout-9d6595d7 wp-block-columns-is-layout-flex\">\n<div class=\"wp-block-column is-layout-flow wp-block-column-is-layout-flow\">\n<div class=\"wp-block-cover is-light has-custom-content-position is-position-bottom-center\"><img loading=\"lazy\" decoding=\"async\" width=\"1280\" height=\"853\" class=\"wp-block-cover__image-background wp-image-1783\" alt=\"Im Vordergrund sieht man Ureinwohner - Kinder sowie Affen und ihre Kinder! Dahinter sind Totensch\u00e4del zu sehen, ganz im Hintergrund brennt der Regenwald!\" src=\"https:\/\/karinas-art.at\/wp-content\/uploads\/2024\/02\/das-regenwaldsterben-01.webp\" data-object-fit=\"cover\" srcset=\"https:\/\/karinas-art.at\/wp-content\/uploads\/2024\/02\/das-regenwaldsterben-01.webp 1280w, https:\/\/karinas-art.at\/wp-content\/uploads\/2024\/02\/das-regenwaldsterben-01-300x200.webp 300w, https:\/\/karinas-art.at\/wp-content\/uploads\/2024\/02\/das-regenwaldsterben-01-1024x682.webp 1024w, https:\/\/karinas-art.at\/wp-content\/uploads\/2024\/02\/das-regenwaldsterben-01-768x512.webp 768w, https:\/\/karinas-art.at\/wp-content\/uploads\/2024\/02\/das-regenwaldsterben-01-18x12.webp 18w\" sizes=\"auto, (max-width: 1280px) 100vw, 1280px\" \/><span aria-hidden=\"true\" class=\"wp-block-cover__background has-background-dim-0 has-background-dim\"><\/span><div class=\"wp-block-cover__inner-container is-layout-flow wp-block-cover-is-layout-flow\">\n<div class=\"wp-block-buttons alignfull is-content-justification-center is-layout-flex wp-container-core-buttons-is-layout-16018d1d wp-block-buttons-is-layout-flex\">\n<div class=\"wp-block-button\"><a class=\"wp-block-button__link wp-element-button\" href=\"https:\/\/karinas-art.at\/en\/das-regenwaldsterben\/\">Destruction of the Rainforest<\/a><\/div>\n<\/div>\n<\/div><\/div>\n<\/div>\n\n\n\n<div class=\"wp-block-column is-vertically-aligned-center is-layout-flow wp-block-column-is-layout-flow\">\n<div class=\"wp-block-cover is-light has-custom-content-position is-position-bottom-center\"><img loading=\"lazy\" decoding=\"async\" width=\"1280\" height=\"1163\" class=\"wp-block-cover__image-background wp-image-652\" alt=\"Die Seelen von Karina Schiefer\" src=\"https:\/\/karinas-art.at\/wp-content\/uploads\/2022\/02\/die-seelen-01.jpg\" data-object-fit=\"cover\" srcset=\"https:\/\/karinas-art.at\/wp-content\/uploads\/2022\/02\/die-seelen-01.jpg 1280w, https:\/\/karinas-art.at\/wp-content\/uploads\/2022\/02\/die-seelen-01-300x273.jpg 300w, https:\/\/karinas-art.at\/wp-content\/uploads\/2022\/02\/die-seelen-01-1024x930.jpg 1024w, https:\/\/karinas-art.at\/wp-content\/uploads\/2022\/02\/die-seelen-01-768x698.jpg 768w\" sizes=\"auto, (max-width: 1280px) 100vw, 1280px\" \/><span aria-hidden=\"true\" class=\"wp-block-cover__background has-background-dim-0 has-background-dim\"><\/span><div class=\"wp-block-cover__inner-container is-layout-flow wp-block-cover-is-layout-flow\">\n<div class=\"wp-block-buttons alignfull is-content-justification-center is-layout-flex wp-container-core-buttons-is-layout-16018d1d wp-block-buttons-is-layout-flex\">\n<div class=\"wp-block-button\"><a class=\"wp-block-button__link wp-element-button\" href=\"https:\/\/karinas-art.at\/en\/die-seelen\/\">The Souls<\/a><\/div>\n<\/div>\n<\/div><\/div>\n<\/div>\n<\/div>\n\n\n\n<div class=\"wp-block-columns is-layout-flex wp-container-core-columns-is-layout-9d6595d7 wp-block-columns-is-layout-flex\">\n<div class=\"wp-block-column is-layout-flow wp-block-column-is-layout-flow\">\n<div class=\"wp-block-cover is-light has-custom-content-position is-position-bottom-center\"><img loading=\"lazy\" decoding=\"async\" width=\"1280\" height=\"1100\" class=\"wp-block-cover__image-background wp-image-772\" alt=\"\" src=\"https:\/\/karinas-art.at\/wp-content\/uploads\/2022\/08\/das-kartenhaus.jpg\" data-object-fit=\"cover\" srcset=\"https:\/\/karinas-art.at\/wp-content\/uploads\/2022\/08\/das-kartenhaus.jpg 1280w, https:\/\/karinas-art.at\/wp-content\/uploads\/2022\/08\/das-kartenhaus-300x258.jpg 300w, https:\/\/karinas-art.at\/wp-content\/uploads\/2022\/08\/das-kartenhaus-1024x880.jpg 1024w, https:\/\/karinas-art.at\/wp-content\/uploads\/2022\/08\/das-kartenhaus-768x660.jpg 768w\" sizes=\"auto, (max-width: 1280px) 100vw, 1280px\" \/><span aria-hidden=\"true\" class=\"wp-block-cover__background has-background-dim-0 has-background-dim\"><\/span><div class=\"wp-block-cover__inner-container is-layout-flow wp-block-cover-is-layout-flow\">\n<div class=\"wp-block-buttons alignfull is-content-justification-center is-layout-flex wp-container-core-buttons-is-layout-16018d1d wp-block-buttons-is-layout-flex\">\n<div class=\"wp-block-button\"><a class=\"wp-block-button__link wp-element-button\" href=\"https:\/\/karinas-art.at\/en\/das-kartenhaus\/\">The Card House<\/a><\/div>\n<\/div>\n<\/div><\/div>\n<\/div>\n\n\n\n<div class=\"wp-block-column is-vertically-aligned-center is-layout-flow wp-block-column-is-layout-flow\">\n<div class=\"wp-block-cover is-light has-custom-content-position is-position-bottom-center\"><img loading=\"lazy\" decoding=\"async\" width=\"1280\" height=\"853\" class=\"wp-block-cover__image-background wp-image-643\" alt=\"Der Humor von Karina Schiefer\" src=\"https:\/\/karinas-art.at\/wp-content\/uploads\/2022\/02\/der-humor-01.jpg\" data-object-fit=\"cover\" srcset=\"https:\/\/karinas-art.at\/wp-content\/uploads\/2022\/02\/der-humor-01.jpg 1280w, https:\/\/karinas-art.at\/wp-content\/uploads\/2022\/02\/der-humor-01-300x200.jpg 300w, https:\/\/karinas-art.at\/wp-content\/uploads\/2022\/02\/der-humor-01-1024x682.jpg 1024w, https:\/\/karinas-art.at\/wp-content\/uploads\/2022\/02\/der-humor-01-768x512.jpg 768w\" sizes=\"auto, (max-width: 1280px) 100vw, 1280px\" \/><span aria-hidden=\"true\" class=\"wp-block-cover__background has-background-dim-0 has-background-dim\"><\/span><div class=\"wp-block-cover__inner-container is-layout-flow wp-block-cover-is-layout-flow\">\n<div class=\"wp-block-buttons alignfull is-content-justification-center is-layout-flex wp-container-core-buttons-is-layout-16018d1d wp-block-buttons-is-layout-flex\">\n<div class=\"wp-block-button\"><a class=\"wp-block-button__link wp-element-button\" href=\"https:\/\/karinas-art.at\/en\/der-humor\/\">The Humor<\/a><\/div>\n<\/div>\n<\/div><\/div>\n<\/div>\n<\/div>\n\n\n\n<div class=\"wp-block-columns is-layout-flex wp-container-core-columns-is-layout-9d6595d7 wp-block-columns-is-layout-flex\">\n<div class=\"wp-block-column is-layout-flow wp-block-column-is-layout-flow\">\n<div class=\"wp-block-cover is-light has-custom-content-position is-position-bottom-center\"><img loading=\"lazy\" decoding=\"async\" width=\"1280\" height=\"1920\" class=\"wp-block-cover__image-background wp-image-679\" alt=\"\" src=\"https:\/\/karinas-art.at\/wp-content\/uploads\/2022\/02\/die-menschheit-01.jpg\" style=\"object-position:52% 87%\" data-object-fit=\"cover\" data-object-position=\"52% 87%\" srcset=\"https:\/\/karinas-art.at\/wp-content\/uploads\/2022\/02\/die-menschheit-01.jpg 1280w, https:\/\/karinas-art.at\/wp-content\/uploads\/2022\/02\/die-menschheit-01-200x300.jpg 200w, https:\/\/karinas-art.at\/wp-content\/uploads\/2022\/02\/die-menschheit-01-683x1024.jpg 683w, https:\/\/karinas-art.at\/wp-content\/uploads\/2022\/02\/die-menschheit-01-768x1152.jpg 768w, https:\/\/karinas-art.at\/wp-content\/uploads\/2022\/02\/die-menschheit-01-1024x1536.jpg 1024w\" sizes=\"auto, (max-width: 1280px) 100vw, 1280px\" \/><span aria-hidden=\"true\" class=\"wp-block-cover__background has-background-dim-0 has-background-dim\"><\/span><div class=\"wp-block-cover__inner-container is-layout-flow wp-block-cover-is-layout-flow\">\n<div class=\"wp-block-buttons alignfull is-content-justification-center is-layout-flex wp-container-core-buttons-is-layout-16018d1d wp-block-buttons-is-layout-flex\">\n<div class=\"wp-block-button\"><a class=\"wp-block-button__link wp-element-button\" href=\"https:\/\/karinas-art.at\/en\/die-menschheit\/\">The Humanity<\/a><\/div>\n<\/div>\n<\/div><\/div>\n<\/div>\n\n\n\n<div class=\"wp-block-column is-vertically-aligned-center is-layout-flow wp-block-column-is-layout-flow\">\n<div class=\"wp-block-cover is-light has-custom-content-position is-position-bottom-center\"><img loading=\"lazy\" decoding=\"async\" width=\"1280\" height=\"1280\" class=\"wp-block-cover__image-background wp-image-766\" alt=\"\" src=\"https:\/\/karinas-art.at\/wp-content\/uploads\/2022\/08\/die-zeit.jpg\" style=\"object-position:41% 0%\" data-object-fit=\"cover\" data-object-position=\"41% 0%\" srcset=\"https:\/\/karinas-art.at\/wp-content\/uploads\/2022\/08\/die-zeit.jpg 1280w, https:\/\/karinas-art.at\/wp-content\/uploads\/2022\/08\/die-zeit-300x300.jpg 300w, https:\/\/karinas-art.at\/wp-content\/uploads\/2022\/08\/die-zeit-1024x1024.jpg 1024w, https:\/\/karinas-art.at\/wp-content\/uploads\/2022\/08\/die-zeit-150x150.jpg 150w, https:\/\/karinas-art.at\/wp-content\/uploads\/2022\/08\/die-zeit-768x768.jpg 768w\" sizes=\"auto, (max-width: 1280px) 100vw, 1280px\" \/><span aria-hidden=\"true\" class=\"wp-block-cover__background has-background-dim-0 has-background-dim\"><\/span><div class=\"wp-block-cover__inner-container is-layout-flow wp-block-cover-is-layout-flow\">\n<div class=\"wp-block-buttons alignfull is-content-justification-center is-layout-flex wp-container-core-buttons-is-layout-16018d1d wp-block-buttons-is-layout-flex\">\n<div class=\"wp-block-button\"><a class=\"wp-block-button__link wp-element-button\" href=\"https:\/\/karinas-art.at\/en\/die-zeit\/\">The Time<\/a><\/div>\n<\/div>\n<\/div><\/div>\n<\/div>\n<\/div>\n\n\n\n<div class=\"wp-block-columns is-layout-flex wp-container-core-columns-is-layout-9d6595d7 wp-block-columns-is-layout-flex\">\n<div class=\"wp-block-column is-layout-flow wp-block-column-is-layout-flow\">\n<div class=\"wp-block-cover has-custom-content-position is-position-bottom-center\"><img loading=\"lazy\" decoding=\"async\" width=\"970\" height=\"2560\" class=\"wp-block-cover__image-background wp-image-802\" alt=\"\" src=\"https:\/\/karinas-art.at\/wp-content\/uploads\/2022\/08\/der-tod-scaled.jpg\" style=\"object-position:53% 64%\" data-object-fit=\"cover\" data-object-position=\"53% 64%\" srcset=\"https:\/\/karinas-art.at\/wp-content\/uploads\/2022\/08\/der-tod-scaled.jpg 970w, https:\/\/karinas-art.at\/wp-content\/uploads\/2022\/08\/der-tod-114x300.jpg 114w, https:\/\/karinas-art.at\/wp-content\/uploads\/2022\/08\/der-tod-388x1024.jpg 388w, https:\/\/karinas-art.at\/wp-content\/uploads\/2022\/08\/der-tod-768x2027.jpg 768w, https:\/\/karinas-art.at\/wp-content\/uploads\/2022\/08\/der-tod-582x1536.jpg 582w, https:\/\/karinas-art.at\/wp-content\/uploads\/2022\/08\/der-tod-776x2048.jpg 776w\" sizes=\"auto, (max-width: 970px) 100vw, 970px\" \/><span aria-hidden=\"true\" class=\"wp-block-cover__background has-background-dim-0 has-background-dim\"><\/span><div class=\"wp-block-cover__inner-container is-layout-flow wp-block-cover-is-layout-flow\">\n<div class=\"wp-block-buttons alignfull is-content-justification-center is-layout-flex wp-container-core-buttons-is-layout-16018d1d wp-block-buttons-is-layout-flex\">\n<div class=\"wp-block-button\"><a class=\"wp-block-button__link wp-element-button\" href=\"https:\/\/karinas-art.at\/en\/der-tod\/\">The Death<\/a><\/div>\n<\/div>\n<\/div><\/div>\n<\/div>\n\n\n\n<div class=\"wp-block-column is-vertically-aligned-center is-layout-flow wp-block-column-is-layout-flow\">\n<div class=\"wp-block-cover is-light has-custom-content-position is-position-bottom-center\"><img loading=\"lazy\" decoding=\"async\" width=\"1280\" height=\"1920\" class=\"wp-block-cover__image-background wp-image-703\" alt=\"Das Jenseits von Karina Schiefer\" src=\"https:\/\/karinas-art.at\/wp-content\/uploads\/2022\/02\/das-jenseits-01.jpg\" style=\"object-position:54% 94%\" data-object-fit=\"cover\" data-object-position=\"54% 94%\" srcset=\"https:\/\/karinas-art.at\/wp-content\/uploads\/2022\/02\/das-jenseits-01.jpg 1280w, https:\/\/karinas-art.at\/wp-content\/uploads\/2022\/02\/das-jenseits-01-200x300.jpg 200w, https:\/\/karinas-art.at\/wp-content\/uploads\/2022\/02\/das-jenseits-01-683x1024.jpg 683w, https:\/\/karinas-art.at\/wp-content\/uploads\/2022\/02\/das-jenseits-01-768x1152.jpg 768w, https:\/\/karinas-art.at\/wp-content\/uploads\/2022\/02\/das-jenseits-01-1024x1536.jpg 1024w\" sizes=\"auto, (max-width: 1280px) 100vw, 1280px\" \/><span aria-hidden=\"true\" class=\"wp-block-cover__background has-background-dim-0 has-background-dim\"><\/span><div class=\"wp-block-cover__inner-container is-layout-flow wp-block-cover-is-layout-flow\">\n<div class=\"wp-block-buttons alignfull is-content-justification-center is-layout-flex wp-container-core-buttons-is-layout-16018d1d wp-block-buttons-is-layout-flex\">\n<div class=\"wp-block-button\"><a class=\"wp-block-button__link wp-element-button\" href=\"https:\/\/karinas-art.at\/en\/das-jenseits\/\">The Hereafter<\/a><\/div>\n<\/div>\n<\/div><\/div>\n<\/div>\n<\/div>\n\n\n\n<div class=\"wp-block-columns is-layout-flex wp-container-core-columns-is-layout-9d6595d7 wp-block-columns-is-layout-flex\">\n<div class=\"wp-block-column is-layout-flow wp-block-column-is-layout-flow\">\n<div class=\"wp-block-cover has-custom-content-position is-position-bottom-center\"><img loading=\"lazy\" decoding=\"async\" width=\"1280\" height=\"1121\" class=\"wp-block-cover__image-background wp-image-1400\" alt=\"Das Kunstwerk zeigt auf surrealistische Weise die Verbindung zwischen K\u00f6rper und Geist!\" src=\"https:\/\/karinas-art.at\/wp-content\/uploads\/2022\/10\/koerper-und-geist.webp\" data-object-fit=\"cover\" srcset=\"https:\/\/karinas-art.at\/wp-content\/uploads\/2022\/10\/koerper-und-geist.webp 1280w, https:\/\/karinas-art.at\/wp-content\/uploads\/2022\/10\/koerper-und-geist-300x263.webp 300w, https:\/\/karinas-art.at\/wp-content\/uploads\/2022\/10\/koerper-und-geist-1024x897.webp 1024w, https:\/\/karinas-art.at\/wp-content\/uploads\/2022\/10\/koerper-und-geist-768x673.webp 768w, https:\/\/karinas-art.at\/wp-content\/uploads\/2022\/10\/koerper-und-geist-14x12.webp 14w\" sizes=\"auto, (max-width: 1280px) 100vw, 1280px\" \/><span aria-hidden=\"true\" class=\"wp-block-cover__background has-background-dim-0 has-background-dim\"><\/span><div class=\"wp-block-cover__inner-container is-layout-flow wp-block-cover-is-layout-flow\">\n<div class=\"wp-block-buttons alignfull is-content-justification-center is-layout-flex wp-container-core-buttons-is-layout-16018d1d wp-block-buttons-is-layout-flex\">\n<div class=\"wp-block-button\"><a class=\"wp-block-button__link wp-element-button\" href=\"https:\/\/karinas-art.at\/en\/kunstwerk-koerper-und-geist\/\">Body and Mind<\/a><\/div>\n<\/div>\n<\/div><\/div>\n<\/div>\n\n\n\n<div class=\"wp-block-column is-vertically-aligned-center is-layout-flow wp-block-column-is-layout-flow\">\n<div class=\"wp-block-cover has-custom-content-position is-position-bottom-center\"><img loading=\"lazy\" decoding=\"async\" width=\"1280\" height=\"1289\" class=\"wp-block-cover__image-background wp-image-1413\" alt=\"\" src=\"https:\/\/karinas-art.at\/wp-content\/uploads\/2022\/10\/die-falschheit.webp\" data-object-fit=\"cover\" srcset=\"https:\/\/karinas-art.at\/wp-content\/uploads\/2022\/10\/die-falschheit.webp 1280w, https:\/\/karinas-art.at\/wp-content\/uploads\/2022\/10\/die-falschheit-298x300.webp 298w, https:\/\/karinas-art.at\/wp-content\/uploads\/2022\/10\/die-falschheit-1017x1024.webp 1017w, https:\/\/karinas-art.at\/wp-content\/uploads\/2022\/10\/die-falschheit-150x150.webp 150w, https:\/\/karinas-art.at\/wp-content\/uploads\/2022\/10\/die-falschheit-768x773.webp 768w, https:\/\/karinas-art.at\/wp-content\/uploads\/2022\/10\/die-falschheit-12x12.webp 12w\" sizes=\"auto, (max-width: 1280px) 100vw, 1280px\" \/><span aria-hidden=\"true\" class=\"wp-block-cover__background has-background-dim-0 has-background-dim\"><\/span><div class=\"wp-block-cover__inner-container is-layout-flow wp-block-cover-is-layout-flow\">\n<div class=\"wp-block-buttons alignfull is-content-justification-center is-layout-flex wp-container-core-buttons-is-layout-16018d1d wp-block-buttons-is-layout-flex\">\n<div class=\"wp-block-button\"><a class=\"wp-block-button__link wp-element-button\" href=\"https:\/\/karinas-art.at\/en\/kunstwerk-die-falschheit\/\">The Falseness<\/a><\/div>\n<\/div>\n<\/div><\/div>\n<\/div>\n<\/div>\n\n\n\n<div class=\"wp-block-columns is-layout-flex wp-container-core-columns-is-layout-9d6595d7 wp-block-columns-is-layout-flex\">\n<div class=\"wp-block-column is-layout-flow wp-block-column-is-layout-flow\">\n<div class=\"wp-block-cover is-light has-custom-content-position is-position-bottom-center\"><img loading=\"lazy\" decoding=\"async\" width=\"1280\" height=\"1920\" class=\"wp-block-cover__image-background wp-image-637\" alt=\"D\u00fcstere Szene mit einer Frau in der Mitte die gerade ihr Kind verloren hat und ein brennendes Kreuz in der Hand h\u00e4lt! Im Hintergrund ein Rabe in Menschengestalt! Der Boden besteht aus Totenk\u00f6pfen und ist mit Blut getr\u00e4nkt!\" src=\"https:\/\/karinas-art.at\/wp-content\/uploads\/2022\/02\/die-pest-01.jpg\" data-object-fit=\"cover\" srcset=\"https:\/\/karinas-art.at\/wp-content\/uploads\/2022\/02\/die-pest-01.jpg 1280w, https:\/\/karinas-art.at\/wp-content\/uploads\/2022\/02\/die-pest-01-200x300.jpg 200w, https:\/\/karinas-art.at\/wp-content\/uploads\/2022\/02\/die-pest-01-683x1024.jpg 683w, https:\/\/karinas-art.at\/wp-content\/uploads\/2022\/02\/die-pest-01-768x1152.jpg 768w, https:\/\/karinas-art.at\/wp-content\/uploads\/2022\/02\/die-pest-01-1024x1536.jpg 1024w\" sizes=\"auto, (max-width: 1280px) 100vw, 1280px\" \/><span aria-hidden=\"true\" class=\"wp-block-cover__background has-background-dim-0 has-background-dim\"><\/span><div class=\"wp-block-cover__inner-container is-layout-flow wp-block-cover-is-layout-flow\">\n<div class=\"wp-block-buttons alignfull is-content-justification-center is-layout-flex wp-container-core-buttons-is-layout-16018d1d wp-block-buttons-is-layout-flex\">\n<div class=\"wp-block-button\"><a class=\"wp-block-button__link wp-element-button\" href=\"https:\/\/karinas-art.at\/en\/portfolio\/die-pest\/\">The Plague<\/a><\/div>\n<\/div>\n<\/div><\/div>\n<\/div>\n\n\n\n<div class=\"wp-block-column is-vertically-aligned-center is-layout-flow wp-block-column-is-layout-flow\"><\/div>\n<\/div>\n\n\n\n<div class=\"wp-block-group\"><div class=\"wp-block-group__inner-container is-layout-constrained wp-block-group-is-layout-constrained\">\n<hr class=\"wp-block-separator has-alpha-channel-opacity is-style-wide\"\/>\n\n\n\n<h2 class=\"wp-block-heading\" id=\"tiere\">Animals<\/h2>\n\n\n\n<div class=\"wp-block-columns is-layout-flex wp-container-core-columns-is-layout-9d6595d7 wp-block-columns-is-layout-flex\">\n<div class=\"wp-block-column is-layout-flow wp-block-column-is-layout-flow\">\n<div class=\"wp-block-cover is-light has-custom-content-position is-position-bottom-center\"><img loading=\"lazy\" decoding=\"async\" width=\"1280\" height=\"1649\" class=\"wp-block-cover__image-background wp-image-1838\" alt=\"Das Bild zeigt verschiedene Tiere um eine Person. Was jedoch verborgen bleibt: Jedes Tier frisst einander und der Mensch nimmt sie alle in sich auf.\" src=\"https:\/\/karinas-art.at\/wp-content\/uploads\/2024\/05\/die-jagd.webp\" data-object-fit=\"cover\" srcset=\"https:\/\/karinas-art.at\/wp-content\/uploads\/2024\/05\/die-jagd.webp 1280w, https:\/\/karinas-art.at\/wp-content\/uploads\/2024\/05\/die-jagd-233x300.webp 233w, https:\/\/karinas-art.at\/wp-content\/uploads\/2024\/05\/die-jagd-795x1024.webp 795w, https:\/\/karinas-art.at\/wp-content\/uploads\/2024\/05\/die-jagd-768x989.webp 768w, https:\/\/karinas-art.at\/wp-content\/uploads\/2024\/05\/die-jagd-1192x1536.webp 1192w, https:\/\/karinas-art.at\/wp-content\/uploads\/2024\/05\/die-jagd-9x12.webp 9w\" sizes=\"auto, (max-width: 1280px) 100vw, 1280px\" \/><span aria-hidden=\"true\" class=\"wp-block-cover__background has-background-dim-0 has-background-dim\"><\/span><div class=\"wp-block-cover__inner-container is-layout-flow wp-block-cover-is-layout-flow\">\n<div class=\"wp-block-buttons alignfull is-content-justification-center is-layout-flex wp-container-core-buttons-is-layout-16018d1d wp-block-buttons-is-layout-flex\">\n<div class=\"wp-block-button\"><a class=\"wp-block-button__link wp-element-button\" href=\"https:\/\/karinas-art.at\/en\/kunstwerk-die-jagd\/\">The Hunt<\/a><\/div>\n<\/div>\n<\/div><\/div>\n<\/div>\n\n\n\n<div class=\"wp-block-column is-vertically-aligned-center is-layout-flow wp-block-column-is-layout-flow\">\n<div class=\"wp-block-cover is-light has-custom-content-position is-position-bottom-center\"><img loading=\"lazy\" decoding=\"async\" width=\"1280\" height=\"882\" class=\"wp-block-cover__image-background wp-image-1845\" alt=\"Auf dem Bild sind mehrere Katzen, unter anderem auch &quot;menschliche&quot; mit und ohne Fell zu sehen.\" src=\"https:\/\/karinas-art.at\/wp-content\/uploads\/2024\/05\/katzen.webp\" data-object-fit=\"cover\" srcset=\"https:\/\/karinas-art.at\/wp-content\/uploads\/2024\/05\/katzen.webp 1280w, https:\/\/karinas-art.at\/wp-content\/uploads\/2024\/05\/katzen-300x207.webp 300w, https:\/\/karinas-art.at\/wp-content\/uploads\/2024\/05\/katzen-1024x706.webp 1024w, https:\/\/karinas-art.at\/wp-content\/uploads\/2024\/05\/katzen-768x529.webp 768w, https:\/\/karinas-art.at\/wp-content\/uploads\/2024\/05\/katzen-18x12.webp 18w\" sizes=\"auto, (max-width: 1280px) 100vw, 1280px\" \/><span aria-hidden=\"true\" class=\"wp-block-cover__background has-background-dim-0 has-background-dim\"><\/span><div class=\"wp-block-cover__inner-container is-layout-flow wp-block-cover-is-layout-flow\">\n<div class=\"wp-block-buttons alignfull is-content-justification-center is-layout-flex wp-container-core-buttons-is-layout-16018d1d wp-block-buttons-is-layout-flex\">\n<div class=\"wp-block-button\"><a class=\"wp-block-button__link wp-element-button\" href=\"https:\/\/karinas-art.at\/en\/kunstwerk-katzen\/\">Cats<\/a><\/div>\n<\/div>\n<\/div><\/div>\n<\/div>\n<\/div>\n\n\n\n<div class=\"wp-block-columns is-layout-flex wp-container-core-columns-is-layout-9d6595d7 wp-block-columns-is-layout-flex\">\n<div class=\"wp-block-column is-layout-flow wp-block-column-is-layout-flow\">\n<div class=\"wp-block-cover is-light has-custom-content-position is-position-bottom-center\"><img loading=\"lazy\" decoding=\"async\" width=\"1280\" height=\"1061\" class=\"wp-block-cover__image-background wp-image-1875\" alt=\"Auf dem Bild ist eine Frau zu sehen, die sich in einem See auf dem R\u00fccken treiben l\u00e4sst und zur Ruhe kommt. Sie wird von drei Spatzen und einer Libelle begleitet. Das Bild wirkt naturverbunden.\" src=\"https:\/\/karinas-art.at\/wp-content\/uploads\/2024\/05\/die-ruhe.webp\" data-object-fit=\"cover\" srcset=\"https:\/\/karinas-art.at\/wp-content\/uploads\/2024\/05\/die-ruhe.webp 1280w, https:\/\/karinas-art.at\/wp-content\/uploads\/2024\/05\/die-ruhe-300x249.webp 300w, https:\/\/karinas-art.at\/wp-content\/uploads\/2024\/05\/die-ruhe-1024x849.webp 1024w, https:\/\/karinas-art.at\/wp-content\/uploads\/2024\/05\/die-ruhe-768x637.webp 768w, https:\/\/karinas-art.at\/wp-content\/uploads\/2024\/05\/die-ruhe-14x12.webp 14w\" sizes=\"auto, (max-width: 1280px) 100vw, 1280px\" \/><span aria-hidden=\"true\" class=\"wp-block-cover__background has-background-dim-0 has-background-dim\"><\/span><div class=\"wp-block-cover__inner-container is-layout-flow wp-block-cover-is-layout-flow\">\n<div class=\"wp-block-buttons alignfull is-content-justification-center is-layout-flex wp-container-core-buttons-is-layout-16018d1d wp-block-buttons-is-layout-flex\">\n<div class=\"wp-block-button\"><a class=\"wp-block-button__link wp-element-button\" href=\"https:\/\/karinas-art.at\/en\/kunstwerk-die-ruhe\/\">The Tranquility<\/a><\/div>\n<\/div>\n<\/div><\/div>\n<\/div>\n\n\n\n<div class=\"wp-block-column is-vertically-aligned-center is-layout-flow wp-block-column-is-layout-flow\">\n<div class=\"wp-block-cover is-light has-custom-content-position is-position-bottom-center\"><img loading=\"lazy\" decoding=\"async\" width=\"1280\" height=\"1609\" class=\"wp-block-cover__image-background wp-image-1876\" alt=\"Es geht in diesem Werk um kleine Helfer f\u00fcr die Tierwelt, die der Mensch nicht sehen kann.\" src=\"https:\/\/karinas-art.at\/wp-content\/uploads\/2024\/05\/die-feen.webp\" data-object-fit=\"cover\" srcset=\"https:\/\/karinas-art.at\/wp-content\/uploads\/2024\/05\/die-feen.webp 1280w, https:\/\/karinas-art.at\/wp-content\/uploads\/2024\/05\/die-feen-239x300.webp 239w, https:\/\/karinas-art.at\/wp-content\/uploads\/2024\/05\/die-feen-815x1024.webp 815w, https:\/\/karinas-art.at\/wp-content\/uploads\/2024\/05\/die-feen-768x965.webp 768w, https:\/\/karinas-art.at\/wp-content\/uploads\/2024\/05\/die-feen-1222x1536.webp 1222w, https:\/\/karinas-art.at\/wp-content\/uploads\/2024\/05\/die-feen-10x12.webp 10w\" sizes=\"auto, (max-width: 1280px) 100vw, 1280px\" \/><span aria-hidden=\"true\" class=\"wp-block-cover__background has-background-dim-0 has-background-dim\"><\/span><div class=\"wp-block-cover__inner-container is-layout-flow wp-block-cover-is-layout-flow\">\n<div class=\"wp-block-buttons alignfull is-content-justification-center is-layout-flex wp-container-core-buttons-is-layout-16018d1d wp-block-buttons-is-layout-flex\">\n<div class=\"wp-block-button\"><a class=\"wp-block-button__link wp-element-button\" href=\"https:\/\/karinas-art.at\/en\/kunstwerk-die-feen\/\">The Fairies<\/a><\/div>\n<\/div>\n<\/div><\/div>\n<\/div>\n<\/div>\n\n\n\n<div class=\"wp-block-columns is-layout-flex wp-container-core-columns-is-layout-9d6595d7 wp-block-columns-is-layout-flex\">\n<div class=\"wp-block-column is-layout-flow wp-block-column-is-layout-flow\">\n<div class=\"wp-block-cover is-light has-custom-content-position is-position-bottom-center\"><img loading=\"lazy\" decoding=\"async\" width=\"1280\" height=\"405\" class=\"wp-block-cover__image-background wp-image-812\" alt=\"\" src=\"https:\/\/karinas-art.at\/wp-content\/uploads\/2022\/08\/eisvogelpaar.jpg\" style=\"object-position:53% 88%\" data-object-fit=\"cover\" data-object-position=\"53% 88%\" srcset=\"https:\/\/karinas-art.at\/wp-content\/uploads\/2022\/08\/eisvogelpaar.jpg 1280w, https:\/\/karinas-art.at\/wp-content\/uploads\/2022\/08\/eisvogelpaar-300x95.jpg 300w, https:\/\/karinas-art.at\/wp-content\/uploads\/2022\/08\/eisvogelpaar-1024x324.jpg 1024w, https:\/\/karinas-art.at\/wp-content\/uploads\/2022\/08\/eisvogelpaar-768x243.jpg 768w\" sizes=\"auto, (max-width: 1280px) 100vw, 1280px\" \/><span aria-hidden=\"true\" class=\"wp-block-cover__background has-background-dim-0 has-background-dim\"><\/span><div class=\"wp-block-cover__inner-container is-layout-flow wp-block-cover-is-layout-flow\">\n<div class=\"wp-block-buttons alignfull is-content-justification-center is-layout-flex wp-container-core-buttons-is-layout-16018d1d wp-block-buttons-is-layout-flex\">\n<div class=\"wp-block-button\"><a class=\"wp-block-button__link wp-element-button\" href=\"https:\/\/karinas-art.at\/en\/das-eisvogelpaar\/\">The Kingfisher Pair<\/a><\/div>\n<\/div>\n<\/div><\/div>\n<\/div>\n\n\n\n<div class=\"wp-block-column is-vertically-aligned-center is-layout-flow wp-block-column-is-layout-flow\">\n<div class=\"wp-block-cover is-light has-custom-content-position is-position-bottom-center\"><img loading=\"lazy\" decoding=\"async\" width=\"1280\" height=\"1297\" class=\"wp-block-cover__image-background wp-image-825\" alt=\"\" src=\"https:\/\/karinas-art.at\/wp-content\/uploads\/2022\/08\/papagei.jpg\" data-object-fit=\"cover\" srcset=\"https:\/\/karinas-art.at\/wp-content\/uploads\/2022\/08\/papagei.jpg 1280w, https:\/\/karinas-art.at\/wp-content\/uploads\/2022\/08\/papagei-296x300.jpg 296w, https:\/\/karinas-art.at\/wp-content\/uploads\/2022\/08\/papagei-1011x1024.jpg 1011w, https:\/\/karinas-art.at\/wp-content\/uploads\/2022\/08\/papagei-768x778.jpg 768w\" sizes=\"auto, (max-width: 1280px) 100vw, 1280px\" \/><span aria-hidden=\"true\" class=\"wp-block-cover__background has-background-dim-0 has-background-dim\"><\/span><div class=\"wp-block-cover__inner-container is-layout-flow wp-block-cover-is-layout-flow\">\n<div class=\"wp-block-buttons alignfull is-content-justification-center is-layout-flex wp-container-core-buttons-is-layout-16018d1d wp-block-buttons-is-layout-flex\">\n<div class=\"wp-block-button\"><a class=\"wp-block-button__link wp-element-button\" href=\"https:\/\/karinas-art.at\/en\/papagei\/\">Parrot<\/a><\/div>\n<\/div>\n<\/div><\/div>\n<\/div>\n<\/div>\n\n\n\n<div class=\"wp-block-columns is-layout-flex wp-container-core-columns-is-layout-9d6595d7 wp-block-columns-is-layout-flex\">\n<div class=\"wp-block-column is-layout-flow wp-block-column-is-layout-flow\">\n<div class=\"wp-block-cover has-custom-content-position is-position-bottom-center\"><img loading=\"lazy\" decoding=\"async\" width=\"1280\" height=\"1027\" class=\"wp-block-cover__image-background wp-image-807\" alt=\"\" src=\"https:\/\/karinas-art.at\/wp-content\/uploads\/2022\/08\/meeresschildkroete.jpg\" style=\"object-position:48% 63%\" data-object-fit=\"cover\" data-object-position=\"48% 63%\" srcset=\"https:\/\/karinas-art.at\/wp-content\/uploads\/2022\/08\/meeresschildkroete.jpg 1280w, https:\/\/karinas-art.at\/wp-content\/uploads\/2022\/08\/meeresschildkroete-300x241.jpg 300w, https:\/\/karinas-art.at\/wp-content\/uploads\/2022\/08\/meeresschildkroete-1024x822.jpg 1024w, https:\/\/karinas-art.at\/wp-content\/uploads\/2022\/08\/meeresschildkroete-768x616.jpg 768w\" sizes=\"auto, (max-width: 1280px) 100vw, 1280px\" \/><span aria-hidden=\"true\" class=\"wp-block-cover__background has-background-dim-0 has-background-dim\"><\/span><div class=\"wp-block-cover__inner-container is-layout-flow wp-block-cover-is-layout-flow\">\n<div class=\"wp-block-buttons alignfull is-content-justification-center is-layout-flex wp-container-core-buttons-is-layout-16018d1d wp-block-buttons-is-layout-flex\">\n<div class=\"wp-block-button\"><a class=\"wp-block-button__link wp-element-button\" href=\"https:\/\/karinas-art.at\/en\/die-meeresschildkroete\/\">The Sea Turtle<\/a><\/div>\n<\/div>\n<\/div><\/div>\n<\/div>\n\n\n\n<div class=\"wp-block-column is-vertically-aligned-center is-layout-flow wp-block-column-is-layout-flow\">\n<div class=\"wp-block-cover is-light has-custom-content-position is-position-bottom-center\"><img loading=\"lazy\" decoding=\"async\" width=\"1280\" height=\"1267\" class=\"wp-block-cover__image-background wp-image-841\" alt=\"2 Flamingos die in den Himmel fliegen\" src=\"https:\/\/karinas-art.at\/wp-content\/uploads\/2022\/08\/flamingos.jpg\" data-object-fit=\"cover\" srcset=\"https:\/\/karinas-art.at\/wp-content\/uploads\/2022\/08\/flamingos.jpg 1280w, https:\/\/karinas-art.at\/wp-content\/uploads\/2022\/08\/flamingos-300x297.jpg 300w, https:\/\/karinas-art.at\/wp-content\/uploads\/2022\/08\/flamingos-1024x1014.jpg 1024w, https:\/\/karinas-art.at\/wp-content\/uploads\/2022\/08\/flamingos-768x760.jpg 768w\" sizes=\"auto, (max-width: 1280px) 100vw, 1280px\" \/><span aria-hidden=\"true\" class=\"wp-block-cover__background has-background-dim-0 has-background-dim\"><\/span><div class=\"wp-block-cover__inner-container is-layout-flow wp-block-cover-is-layout-flow\">\n<div class=\"wp-block-buttons alignfull is-content-justification-center is-layout-flex wp-container-core-buttons-is-layout-16018d1d wp-block-buttons-is-layout-flex\">\n<div class=\"wp-block-button\"><a class=\"wp-block-button__link wp-element-button\" href=\"https:\/\/karinas-art.at\/en\/portfolio\/die-flamingos\/\">The Flamingos<\/a><\/div>\n<\/div>\n<\/div><\/div>\n<\/div>\n<\/div>\n\n\n\n<div class=\"wp-block-columns is-layout-flex wp-container-core-columns-is-layout-9d6595d7 wp-block-columns-is-layout-flex\">\n<div class=\"wp-block-column is-layout-flow wp-block-column-is-layout-flow\">\n<div class=\"wp-block-cover is-light has-custom-content-position is-position-bottom-center\"><img loading=\"lazy\" decoding=\"async\" width=\"1280\" height=\"853\" class=\"wp-block-cover__image-background wp-image-695\" alt=\"\" src=\"https:\/\/karinas-art.at\/wp-content\/uploads\/2022\/02\/der-pfau-02.jpg\" style=\"object-position:50% 54%\" data-object-fit=\"cover\" data-object-position=\"50% 54%\" srcset=\"https:\/\/karinas-art.at\/wp-content\/uploads\/2022\/02\/der-pfau-02.jpg 1280w, https:\/\/karinas-art.at\/wp-content\/uploads\/2022\/02\/der-pfau-02-300x200.jpg 300w, https:\/\/karinas-art.at\/wp-content\/uploads\/2022\/02\/der-pfau-02-1024x682.jpg 1024w, https:\/\/karinas-art.at\/wp-content\/uploads\/2022\/02\/der-pfau-02-768x512.jpg 768w\" sizes=\"auto, (max-width: 1280px) 100vw, 1280px\" \/><span aria-hidden=\"true\" class=\"wp-block-cover__background has-background-dim-0 has-background-dim\"><\/span><div class=\"wp-block-cover__inner-container is-layout-flow wp-block-cover-is-layout-flow\">\n<div class=\"wp-block-buttons alignfull is-content-justification-center is-layout-flex wp-container-core-buttons-is-layout-16018d1d wp-block-buttons-is-layout-flex\">\n<div class=\"wp-block-button\"><a class=\"wp-block-button__link wp-element-button\" href=\"https:\/\/karinas-art.at\/en\/der-pfau\/\">The Peacock<\/a><\/div>\n<\/div>\n<\/div><\/div>\n<\/div>\n\n\n\n<div class=\"wp-block-column is-vertically-aligned-center is-layout-flow wp-block-column-is-layout-flow\"><\/div>\n<\/div>\n<\/div><\/div>\n\n\n\n<div class=\"wp-block-group\"><div class=\"wp-block-group__inner-container is-layout-constrained wp-block-group-is-layout-constrained\">\n<hr class=\"wp-block-separator has-alpha-channel-opacity is-style-wide\"\/>\n\n\n\n<h2 class=\"wp-block-heading\" id=\"landschaft\">Landscape<\/h2>\n\n\n\n<div class=\"wp-block-columns is-layout-flex wp-container-core-columns-is-layout-9d6595d7 wp-block-columns-is-layout-flex\">\n<div class=\"wp-block-column is-layout-flow wp-block-column-is-layout-flow\">\n<div class=\"wp-block-cover is-light has-custom-content-position is-position-bottom-center\"><img loading=\"lazy\" decoding=\"async\" width=\"1280\" height=\"1278\" class=\"wp-block-cover__image-background wp-image-795\" alt=\"\" src=\"https:\/\/karinas-art.at\/wp-content\/uploads\/2022\/08\/Stein-von-Brela.jpg\" data-object-fit=\"cover\" srcset=\"https:\/\/karinas-art.at\/wp-content\/uploads\/2022\/08\/Stein-von-Brela.jpg 1280w, https:\/\/karinas-art.at\/wp-content\/uploads\/2022\/08\/Stein-von-Brela-300x300.jpg 300w, https:\/\/karinas-art.at\/wp-content\/uploads\/2022\/08\/Stein-von-Brela-1024x1022.jpg 1024w, https:\/\/karinas-art.at\/wp-content\/uploads\/2022\/08\/Stein-von-Brela-150x150.jpg 150w, https:\/\/karinas-art.at\/wp-content\/uploads\/2022\/08\/Stein-von-Brela-768x767.jpg 768w\" sizes=\"auto, (max-width: 1280px) 100vw, 1280px\" \/><span aria-hidden=\"true\" class=\"wp-block-cover__background has-background-dim-0 has-background-dim\"><\/span><div class=\"wp-block-cover__inner-container is-layout-flow wp-block-cover-is-layout-flow\">\n<div class=\"wp-block-buttons alignfull is-content-justification-center is-layout-flex wp-container-core-buttons-is-layout-16018d1d wp-block-buttons-is-layout-flex\">\n<div class=\"wp-block-button\"><a class=\"wp-block-button__link wp-element-button\" href=\"https:\/\/karinas-art.at\/en\/stein-von-brela\/\">Stone of Brela<\/a><\/div>\n<\/div>\n<\/div><\/div>\n<\/div>\n\n\n\n<div class=\"wp-block-column is-vertically-aligned-center is-layout-flow wp-block-column-is-layout-flow\">\n<div class=\"wp-block-cover is-light has-custom-content-position is-position-bottom-center\"><img loading=\"lazy\" decoding=\"async\" width=\"1280\" height=\"719\" class=\"wp-block-cover__image-background wp-image-845\" alt=\"\" src=\"https:\/\/karinas-art.at\/wp-content\/uploads\/2022\/08\/grundlsee.jpg\" style=\"object-position:15% 52%\" data-object-fit=\"cover\" data-object-position=\"15% 52%\" srcset=\"https:\/\/karinas-art.at\/wp-content\/uploads\/2022\/08\/grundlsee.jpg 1280w, https:\/\/karinas-art.at\/wp-content\/uploads\/2022\/08\/grundlsee-300x169.jpg 300w, https:\/\/karinas-art.at\/wp-content\/uploads\/2022\/08\/grundlsee-1024x575.jpg 1024w, https:\/\/karinas-art.at\/wp-content\/uploads\/2022\/08\/grundlsee-768x431.jpg 768w\" sizes=\"auto, (max-width: 1280px) 100vw, 1280px\" \/><span aria-hidden=\"true\" class=\"wp-block-cover__background has-background-dim-0 has-background-dim\"><\/span><div class=\"wp-block-cover__inner-container is-layout-flow wp-block-cover-is-layout-flow\">\n<div class=\"wp-block-buttons alignfull is-content-justification-center is-layout-flex wp-container-core-buttons-is-layout-16018d1d wp-block-buttons-is-layout-flex\">\n<div class=\"wp-block-button\"><a class=\"wp-block-button__link wp-element-button\" href=\"https:\/\/karinas-art.at\/en\/grundlsee\/\">Grundlsee<\/a><\/div>\n<\/div>\n<\/div><\/div>\n<\/div>\n<\/div>\n<\/div><\/div>\n\n\n\n<div class=\"wp-block-group hastdufragen has-background\" style=\"background-color:#ffe7e8\"><div class=\"wp-block-group__inner-container is-layout-constrained wp-block-group-is-layout-constrained\">\n<h2 class=\"wp-block-heading has-text-align-left\">Do you have any questions or are you interested in purchasing one of my artworks? <br><br>Get in touch with me!<\/h2>\n\n\n\n<div class=\"wp-block-buttons is-content-justification-left is-layout-flex wp-container-core-buttons-is-layout-fdcfc74e wp-block-buttons-is-layout-flex\">\n<div class=\"wp-block-button\"><a class=\"wp-block-button__link wp-element-button\" href=\"https:\/\/karinas-art.at\/en\/kontakt\/\">Contact<\/a><\/div>\n<\/div>\n\n\n\n<p><\/p>\n\n\n\n<h2 class=\"wp-block-heading\"><strong>Discover my artworks on Singulart!<\/strong><\/h2>\n\n\n\n<div class=\"wp-block-buttons is-layout-flex wp-block-buttons-is-layout-flex\">\n<div class=\"wp-block-button\"><a class=\"wp-block-button__link wp-element-button\" href=\"https:\/\/www.singulart.com\/de\/k%C3%BCnstler\/karina-schiefer-61055\" target=\"_blank\" rel=\"noreferrer noopener\">Discover artworks<\/a><\/div>\n<\/div>\n<\/div><\/div>","protected":false},"excerpt":{"rendered":"<p>Verschaffe dir einen \u00dcberblick \u00fcber meine \u00e4lteren und aktuellen Projekte! Emotionen Sagen und Br\u00e4uche Gesellschaft Reflexionen Tiere Landschaft<\/p>","protected":false},"author":2,"featured_media":2056,"parent":0,"menu_order":2,"comment_status":"closed","ping_status":"closed","template":"","meta":{"footnotes":""},"class_list":["post-186","page","type-page","status-publish","has-post-thumbnail","hentry"],"blocksy_meta":{"styles_descriptor":{"styles":{"desktop":"","tablet":"","mobile":""},"google_fonts":[],"version":5}},"_links":{"self":[{"href":"https:\/\/karinas-art.at\/en\/wp-json\/wp\/v2\/pages\/186","targetHints":{"allow":["GET"]}}],"collection":[{"href":"https:\/\/karinas-art.at\/en\/wp-json\/wp\/v2\/pages"}],"about":[{"href":"https:\/\/karinas-art.at\/en\/wp-json\/wp\/v2\/types\/page"}],"author":[{"embeddable":true,"href":"https:\/\/karinas-art.at\/en\/wp-json\/wp\/v2\/users\/2"}],"replies":[{"embeddable":true,"href":"https:\/\/karinas-art.at\/en\/wp-json\/wp\/v2\/comments?post=186"}],"version-history":[{"count":101,"href":"https:\/\/karinas-art.at\/en\/wp-json\/wp\/v2\/pages\/186\/revisions"}],"predecessor-version":[{"id":2673,"href":"https:\/\/karinas-art.at\/en\/wp-json\/wp\/v2\/pages\/186\/revisions\/2673"}],"wp:featuredmedia":[{"embeddable":true,"href":"https:\/\/karinas-art.at\/en\/wp-json\/wp\/v2\/media\/2056"}],"wp:attachment":[{"href":"https:\/\/karinas-art.at\/en\/wp-json\/wp\/v2\/media?parent=186"}],"curies":[{"name":"wp","href":"https:\/\/api.w.org\/{rel}","templated":true}]}}